{"id":194,"date":"2020-06-04T19:46:07","date_gmt":"2020-06-04T19:46:07","guid":{"rendered":"https:\/\/aucoeurdelacuisine.be\/?page_id=194"},"modified":"2022-09-08T08:36:49","modified_gmt":"2022-09-08T08:36:49","slug":"about","status":"publish","type":"page","link":"https:\/\/aucoeurdelacuisine.be\/fr\/about\/","title":{"rendered":"A propos"},"content":{"rendered":"<div data-elementor-type=\"wp-page\" data-elementor-id=\"194\" class=\"elementor elementor-194\">\n\t\t\t\t\t\t<div class=\"elementor-inner\">\n\t\t\t\t<div class=\"elementor-section-wrap\">\n\t\t\t\t\t\t\t\t\t<section class=\"elementor-section elementor-top-section elementor-element elementor-element-d625153 elementor-section-full_width elementor-section-height-default elementor-section-height-default\" data-id=\"d625153\" data-element_type=\"section\">\n\t\t\t\t\t\t<div class=\"elementor-container elementor-column-gap-default\">\n\t\t\t\t\t\t\t<div class=\"elementor-row\">\n\t\t\t\t\t<div class=\"elementor-column elementor-col-50 elementor-top-column elementor-element elementor-element-10a2fa5\" data-id=\"10a2fa5\" data-element_type=\"column\">\n\t\t\t<div class=\"elementor-column-wrap elementor-element-populated\">\n\t\t\t\t\t\t\t<div class=\"elementor-widget-wrap\">\n\t\t\t\t\t\t<div class=\"elementor-element elementor-element-ecd6aac elementor-invisible elementor-widget elementor-widget-image\" data-id=\"ecd6aac\" data-element_type=\"widget\" data-settings=\"{&quot;_animation&quot;:&quot;fadeInLeft&quot;,&quot;_animation_delay&quot;:800}\" data-widget_type=\"image.default\">\n\t\t\t\t<div class=\"elementor-widget-container\">\n\t\t\t\t\t\t\t\t<div class=\"elementor-image\">\n\t\t\t\t\t\t\t\t\t\t\t\t<img decoding=\"async\" width=\"2560\" height=\"1707\" src=\"https:\/\/aucoeurdelacuisine.be\/wp-content\/uploads\/2021\/02\/buiten-home-foto-10-scaled.jpg\" class=\"attachment-full size-full wp-image-660\" alt=\"\" loading=\"lazy\" srcset=\"https:\/\/aucoeurdelacuisine.be\/wp-content\/uploads\/2021\/02\/buiten-home-foto-10-scaled.jpg 2560w, https:\/\/aucoeurdelacuisine.be\/wp-content\/uploads\/2021\/02\/buiten-home-foto-10-300x200.jpg 300w, https:\/\/aucoeurdelacuisine.be\/wp-content\/uploads\/2021\/02\/buiten-home-foto-10-1024x683.jpg 1024w, https:\/\/aucoeurdelacuisine.be\/wp-content\/uploads\/2021\/02\/buiten-home-foto-10-768x512.jpg 768w, https:\/\/aucoeurdelacuisine.be\/wp-content\/uploads\/2021\/02\/buiten-home-foto-10-1536x1024.jpg 1536w, https:\/\/aucoeurdelacuisine.be\/wp-content\/uploads\/2021\/02\/buiten-home-foto-10-2048x1365.jpg 2048w\" sizes=\"(max-width: 2560px) 100vw, 2560px\" \/>\t\t\t\t\t\t\t\t\t\t\t\t\t\t<\/div>\n\t\t\t\t\t\t<\/div>\n\t\t\t\t<\/div>\n\t\t\t\t\t\t<\/div>\n\t\t\t\t\t<\/div>\n\t\t<\/div>\n\t\t\t\t<div class=\"elementor-column elementor-col-50 elementor-top-column elementor-element elementor-element-f94eb76\" data-id=\"f94eb76\" data-element_type=\"column\">\n\t\t\t<div class=\"elementor-column-wrap elementor-element-populated\">\n\t\t\t\t\t\t\t<div class=\"elementor-widget-wrap\">\n\t\t\t\t\t\t<div class=\"elementor-element elementor-element-9f16fb0 elementor-widget elementor-widget-text-editor\" data-id=\"9f16fb0\" data-element_type=\"widget\" data-widget_type=\"text-editor.default\">\n\t\t\t\t<div class=\"elementor-widget-container\">\n\t\t\t\t\t\t\t\t<div class=\"elementor-text-editor elementor-clearfix\">\n\t\t\t\t<p>Ronny Bosmans, Christel Peeters, Jonas et Laura sont heureux de vous accueillir au c\u0153ur du village de Lacuisine (en Gaume).<\/p><p><span style=\"color: #5d4037\"><a style=\"color: #5d4037\" href=\"https:\/\/aucoeurdelacuisine.be\/fr\/hotel\/\"><strong>Het hotel<\/strong><\/a><\/span> L\u2019h\u00f4tel est situ\u00e9 sur un domaine de presqu\u2019un hectare, \u00e0 200 m\u00e8tres de la Semois.<\/p><p>Vous y trouvez un vaste parking, et un espace ombrag\u00e9 dans le petit bois tout proche.<\/p><p>Notre <span style=\"color: #5d4037\"><strong>piscine<\/strong><\/span> renouvel\u00e9e en 2022 est ouverte (uniquement pour les clients de l\u2019h\u00f4tel) de 9h30 \u00e0 18h30, si le temps est mauvais, elle sera ferm\u00e9e aussi pendant ces heures.<\/p><p>N\u2019oubliez pas de r\u00e9server votre table dans notre <span style=\"color: #5d4037\"><a style=\"color: #5d4037\" href=\"https:\/\/aucoeurdelacuisine.be\/fr\/menu\/\"><strong>restaurant<\/strong><\/a><\/span> , bar (BIB-GOURMAND depuis 11\/2016).<\/p><p>Vous pouvez \u00e9galement s\u00e9journer dans une de nos 6 chambres toutes \u00e9quip\u00e9es d\u2019une t\u00e9l\u00e9vision, une machine dolce gusto, d\u2019une salle de bain \u2026<\/p><p>Wifi gratuit disponible dans tout l\u2019\u00e9tablissement.<\/p>\t\t\t\t\t<\/div>\n\t\t\t\t\t\t<\/div>\n\t\t\t\t<\/div>\n\t\t\t\t<section class=\"elementor-section elementor-inner-section elementor-element elementor-element-fffe467 elementor-section-boxed elementor-section-height-default elementor-section-height-default\" data-id=\"fffe467\" data-element_type=\"section\">\n\t\t\t\t\t\t<div class=\"elementor-container elementor-column-gap-default\">\n\t\t\t\t\t\t\t<div class=\"elementor-row\">\n\t\t\t\t\t<div class=\"elementor-column elementor-col-50 elementor-inner-column elementor-element elementor-element-31f7ac1\" data-id=\"31f7ac1\" data-element_type=\"column\">\n\t\t\t<div class=\"elementor-column-wrap elementor-element-populated\">\n\t\t\t\t\t\t\t<div class=\"elementor-widget-wrap\">\n\t\t\t\t\t\t<div class=\"elementor-element elementor-element-2275ef8 elementor-invisible elementor-widget elementor-widget-image\" data-id=\"2275ef8\" data-element_type=\"widget\" data-settings=\"{&quot;_animation&quot;:&quot;flash&quot;}\" data-widget_type=\"image.default\">\n\t\t\t\t<div class=\"elementor-widget-container\">\n\t\t\t\t\t\t\t\t<div class=\"elementor-image\">\n\t\t\t\t\t\t\t\t\t\t\t\t<img decoding=\"async\" width=\"381\" height=\"224\" src=\"https:\/\/aucoeurdelacuisine.be\/wp-content\/uploads\/2021\/04\/ontwerp-zonder-titel-3-1170x500-1.png\" class=\"attachment-full size-full wp-image-761\" alt=\"\" loading=\"lazy\" srcset=\"https:\/\/aucoeurdelacuisine.be\/wp-content\/uploads\/2021\/04\/ontwerp-zonder-titel-3-1170x500-1.png 381w, https:\/\/aucoeurdelacuisine.be\/wp-content\/uploads\/2021\/04\/ontwerp-zonder-titel-3-1170x500-1-300x176.png 300w\" sizes=\"(max-width: 381px) 100vw, 381px\" \/>\t\t\t\t\t\t\t\t\t\t\t\t\t\t<\/div>\n\t\t\t\t\t\t<\/div>\n\t\t\t\t<\/div>\n\t\t\t\t\t\t<\/div>\n\t\t\t\t\t<\/div>\n\t\t<\/div>\n\t\t\t\t<div class=\"elementor-column elementor-col-50 elementor-inner-column elementor-element elementor-element-ab20e4e\" data-id=\"ab20e4e\" data-element_type=\"column\">\n\t\t\t<div class=\"elementor-column-wrap elementor-element-populated\">\n\t\t\t\t\t\t\t<div class=\"elementor-widget-wrap\">\n\t\t\t\t\t\t<div class=\"elementor-element elementor-element-cf57f00 elementor-invisible elementor-widget elementor-widget-image\" data-id=\"cf57f00\" data-element_type=\"widget\" data-settings=\"{&quot;_animation&quot;:&quot;shake&quot;}\" data-widget_type=\"image.default\">\n\t\t\t\t<div class=\"elementor-widget-container\">\n\t\t\t\t\t\t\t\t<div class=\"elementor-image\">\n\t\t\t\t\t\t\t\t\t\t\t\t<img decoding=\"async\" width=\"800\" height=\"800\" src=\"https:\/\/aucoeurdelacuisine.be\/wp-content\/uploads\/2022\/08\/gaultetmillau.png\" class=\"attachment-full size-full wp-image-1275\" alt=\"\" loading=\"lazy\" srcset=\"https:\/\/aucoeurdelacuisine.be\/wp-content\/uploads\/2022\/08\/gaultetmillau.png 800w, https:\/\/aucoeurdelacuisine.be\/wp-content\/uploads\/2022\/08\/gaultetmillau-300x300.png 300w, https:\/\/aucoeurdelacuisine.be\/wp-content\/uploads\/2022\/08\/gaultetmillau-150x150.png 150w, https:\/\/aucoeurdelacuisine.be\/wp-content\/uploads\/2022\/08\/gaultetmillau-768x768.png 768w\" sizes=\"(max-width: 800px) 100vw, 800px\" \/>\t\t\t\t\t\t\t\t\t\t\t\t\t\t<\/div>\n\t\t\t\t\t\t<\/div>\n\t\t\t\t<\/div>\n\t\t\t\t\t\t<\/div>\n\t\t\t\t\t<\/div>\n\t\t<\/div>\n\t\t\t\t\t\t\t\t<\/div>\n\t\t\t\t\t<\/div>\n\t\t<\/section>\n\t\t\t\t\t\t<\/div>\n\t\t\t\t\t<\/div>\n\t\t<\/div>\n\t\t\t\t\t\t\t\t<\/div>\n\t\t\t\t\t<\/div>\n\t\t<\/section>\n\t\t\t\t\t\t\t\t\t<\/div>\n\t\t\t<\/div>\n\t\t\t\t\t<\/div>","protected":false},"excerpt":{"rendered":"<p>Ronny Bosmans, Christel Peeters, Jonas en Laura heten u van harte welkom in het hart van Lacuisine (Gaume). Het hotel is rustig gelegen op een domein van ongeveer 1 hectare, op een 200 meter wandelafstand van de Semois. Er is een ruime parking, een schaduwrijk bosje. Ons vernieuwd openluchtzwembad (2022) is geopend (enkel toegestaan voor [&hellip;]<\/p>","protected":false},"author":3,"featured_media":0,"parent":0,"menu_order":0,"comment_status":"closed","ping_status":"closed","template":"elementor_header_footer","meta":[],"_links":{"self":[{"href":"https:\/\/aucoeurdelacuisine.be\/fr\/wp-json\/wp\/v2\/pages\/194"}],"collection":[{"href":"https:\/\/aucoeurdelacuisine.be\/fr\/wp-json\/wp\/v2\/pages"}],"about":[{"href":"https:\/\/aucoeurdelacuisine.be\/fr\/wp-json\/wp\/v2\/types\/page"}],"author":[{"embeddable":true,"href":"https:\/\/aucoeurdelacuisine.be\/fr\/wp-json\/wp\/v2\/users\/3"}],"replies":[{"embeddable":true,"href":"https:\/\/aucoeurdelacuisine.be\/fr\/wp-json\/wp\/v2\/comments?post=194"}],"version-history":[{"count":54,"href":"https:\/\/aucoeurdelacuisine.be\/fr\/wp-json\/wp\/v2\/pages\/194\/revisions"}],"predecessor-version":[{"id":1983,"href":"https:\/\/aucoeurdelacuisine.be\/fr\/wp-json\/wp\/v2\/pages\/194\/revisions\/1983"}],"wp:attachment":[{"href":"https:\/\/aucoeurdelacuisine.be\/fr\/wp-json\/wp\/v2\/media?parent=194"}],"curies":[{"name":"wp","href":"https:\/\/api.w.org\/{rel}","templated":true}]}}